{"id":87815,"date":"2025-05-29T15:30:19","date_gmt":"2025-05-29T13:30:19","guid":{"rendered":"https:\/\/charlieszallas.hu\/adatvedelmi-iranyelvek\/"},"modified":"2025-06-30T15:31:39","modified_gmt":"2025-06-30T13:31:39","slug":"adatvedelmi-iranyelvek","status":"publish","type":"page","link":"https:\/\/charlieszallas.hu\/en\/adatvedelmi-iranyelvek\/","title":{"rendered":"Privacy Policy"},"content":{"rendered":"<p>[et_pb_section fb_built=&#8221;1&#8243; _builder_version=&#8221;4.27.4&#8243; _module_preset=&#8221;default&#8221; global_colors_info=&#8221;{}&#8221;][et_pb_row _builder_version=&#8221;4.27.4&#8243; _module_preset=&#8221;default&#8221; global_colors_info=&#8221;{}&#8221;][et_pb_column type=&#8221;4_4&#8243; _builder_version=&#8221;4.27.4&#8243; _module_preset=&#8221;default&#8221; global_colors_info=&#8221;{}&#8221;][et_pb_text _builder_version=&#8221;4.27.4&#8243; _module_preset=&#8221;default&#8221; hover_enabled=&#8221;0&#8243; global_colors_info=&#8221;{}&#8221; sticky_enabled=&#8221;0&#8243;]<\/p>\n<p>Adatv\u00e9delmi \u00e9s adatkezel\u00e9si szab\u00e1lyzat<br \/>A GDPR \u00c1ltal\u00e1nos c\u00e9lja<\/p>\n<p>GDPR \u2013 General Data Protection Regulation<\/p>\n<p>A GDPR szab\u00e1lyoz\u00e1s l\u00e9nyege, hogy a kor\u00e1bban nemzeti hat\u00e1sk\u00f6r\u00f6kben \u00e9rv\u00e9nyben l\u00e9v\u0151 adatkezel\u00e9si szab\u00e1lyzatokat \u00e9s folyamatokat Uni\u00f3s hat\u00e1sk\u00f6rbe helyezze \u00e9s egys\u00e9ges elvek szerint kezelje.<\/p>\n<p>Mit szab\u00e1lyoz az \u00e1ltal\u00e1nos rendelet?<\/p>\n<p>Az Eur\u00f3pai Uni\u00f3 \u00faj, \u00e1ltal\u00e1nos adatv\u00e9delmi rendelete az (RU) 2016\/679 eur\u00f3pai parlamenti \u00e9s tan\u00e1csi rendelet (\u00e1ltal\u00e1nos adatv\u00e9delmi rendelet) az EU-ban l\u00e9v\u0151 mag\u00e1nszem\u00e9lyek szem\u00e9lyes adatainak mag\u00e1nszem\u00e9ly, v\u00e1llalkoz\u00e1s, vagy szervezet \u00e1ltal t\u00f6rt\u00e9n\u0151 kezel\u00e9s\u00e9t szab\u00e1lyozza.<\/p>\n<p>A rendelet nem alkalmazand\u00f3 elhunyt szem\u00e9lyek vagy jogi szem\u00e9lyek szem\u00e9lyes adatainak kezel\u00e9s\u00e9re.<\/p>\n<p>A szab\u00e1lyok nem vonatkoznak az adatok mag\u00e1nszem\u00e9ly \u00e1ltal kiz\u00e1r\u00f3lag szem\u00e9lyes vagy otthoni tev\u00e9kenys\u00e9g keret\u00e9ben v\u00e9gzett kezel\u00e9s\u00e9re, felt\u00e9ve, hogy az adatkezel\u00e9s semmilyen szakmai vagy \u00fczleti tev\u00e9kenys\u00e9ggel nem hozhat\u00f3 \u00f6sszef\u00fcgg\u00e9sbe. Amikor azonban a mag\u00e1nszem\u00e9ly a szem\u00e9lyes adatokat a \u201eszem\u00e9lyes szf\u00e9r\u00e1n\u201d k\u00edv\u00fcl haszn\u00e1lja fel, p\u00e9ld\u00e1ul t\u00e1rsadalmi, kultur\u00e1lis vagy p\u00e9nz\u00fcgyi tev\u00e9kenys\u00e9gekre, be kell tartania az adatv\u00e9delmi jogszab\u00e1lyokat.<\/p>\n<p>Kire alkalmazand\u00f3 az adatv\u00e9delmi jogszab\u00e1ly?<\/p>\n<p>A jogszab\u00e1ly minden, az Uni\u00f3 ter\u00fclet\u00e9n tev\u00e9kenys\u00e9get folytat\u00f3 c\u00e9g eset\u00e9ben alkalmazand\u00f3.<\/p>\n<p>Mi sz\u00e1m\u00edt \u201eSzem\u00e9lyes adatnak\u201d?<\/p>\n<p>A szem\u00e9lyes adat minden olyan inform\u00e1ci\u00f3, amely valamely azonos\u00edtott vagy azonos\u00edthat\u00f3 l\u00e9v\u0151 szem\u00e9llyel kapcsolatos. Mindazon inform\u00e1ci\u00f3k, amelyek \u00f6sszegy\u0171jt\u00e9se egy bizonyos szem\u00e9ly azonos\u00edt\u00e1s\u00e1hoz vezethet, ugyancsak szem\u00e9lyes adatnak min\u0151s\u00fclnek.<\/p>\n<p>Azok az azonos\u00edt\u00e1sra alkalmatlann\u00e1 tett, titkos\u00edtott vagy \u00e1lneves\u00edtett szem\u00e9lyes adatok, amelyek felhaszn\u00e1lhat\u00f3ak egy szem\u00e9ly \u00fajraazonos\u00edt\u00e1s\u00e1ra, szem\u00e9lyes adatnak min\u0151s\u00fclnek, ellenkez\u0151 esetben nem.<\/p>\n<p>Az \u00e1ltal\u00e1nos adatv\u00e9delmi rendelet a szem\u00e9lyes adatokat az adatok kezel\u00e9se sor\u00e1n haszn\u00e1lt technol\u00f3gi\u00e1t\u00f3l f\u00fcggetlen\u00fcl v\u00e9di (IT, pap\u00edr alap\u00fa, videokamera, stb.).<\/p>\n<p>Milyen adatokat kezelhet\u00fcnk, \u00e9s milyen felt\u00e9telek mellett?<\/p>\n<p>A kezelhet\u0151 szem\u00e9lyes adatok t\u00edpusa \u00e9s mennyis\u00e9ge a kezel\u00e9s ok\u00e1t\u00f3l (jogi ok) \u00e9s c\u00e9lj\u00e1t\u00f3l f\u00fcgg. T\u00f6bb kulcsfontoss\u00e1g\u00fa szab\u00e1lyt kell betartani, t\u00f6bbek k\u00f6z\u00f6tt:<\/p>\n<p>a szem\u00e9lyes adatok kezel\u00e9s\u00e9t jogszer\u0171 \u00e9s \u00e1tl\u00e1that\u00f3 m\u00f3don kell v\u00e9gezni, biztos\u00edtva a term\u00e9szetes szem\u00e9lyeknek a r\u00e1juk vonatkoz\u00f3 szem\u00e9lyes adatok kezel\u00e9s\u00e9nek \u00e1tl\u00e1that\u00f3s\u00e1g\u00e1t<br \/>a szem\u00e9lyes adatkezel\u00e9snek konkr\u00e9t c\u00e9llal kell rendelkeznie, \u00e9s ezeket a c\u00e9lokat m\u00e1r a szem\u00e9lyes adatok gy\u0171jt\u00e9s\u00e9nek id\u0151pontj\u00e1ban k\u00f6z\u00f6lnie kell az \u00e9rintettekkel. Nem gy\u0171jthet szem\u00e9lyes adatokat meghat\u00e1rozatlan c\u00e9lra<br \/>kiz\u00e1r\u00f3lag olyan szem\u00e9lyes adatokat gy\u0171jthet \u00e9s kezelhet, amelyek a megjel\u00f6lt c\u00e9l teljes\u00edt\u00e9s\u00e9hez sz\u00fcks\u00e9gesek<br \/>biztos\u00edtania kell, hogy a szem\u00e9lyes adatok pontosak \u00e9s naprak\u00e9szek legyenek<br \/>a szem\u00e9lyes adatokat nem haszn\u00e1lhatja az eredeti adatgy\u0171jt\u00e9s c\u00e9lj\u00e1val nem \u00f6sszeegyeztethet\u0151 c\u00e9lra<br \/>Mennyi ideig \u0151rizhetj\u00fck meg az adatokat, \u00e9s kell-e \u0151ket friss\u00edteni?<\/p>\n<p>Az adatokat csak a lehet\u0151 legr\u00f6videbb ideig t\u00e1rolhatjuk. Term\u00e9szetesen figyelembe kell venni az adatkezel\u00e9s okait, valamint az adatok meghat\u00e1rozott ideig t\u00f6rt\u00e9n\u0151 meg\u0151rz\u00e9sre ir\u00e1nyul\u00f3 jogi k\u00f6telmeket.<\/p>\n<p>Mir\u0151l kell t\u00e1j\u00e9koztatnunk azokat, akikt\u0151l adatokat gy\u0171jt\u00fcnk?<\/p>\n<p>Az \u00e9rintettet az adatgy\u0171jt\u00e9s id\u0151pontj\u00e1ban kell t\u00e1j\u00e9koztatnunk az adatgy\u0171jt\u00e9sr\u0151l, amelynek legal\u00e1bb a k\u00f6vetkez\u0151ket kell tartalmaznia.<\/p>\n<p>ki az adatkezel\u0151 (a v\u00e1llalkoz\u00e1s, \u00e9s ha van, az adatv\u00e9delmi tiszts\u00e9gvisel\u0151 el\u00e9rhet\u0151s\u00e9ge)<br \/>mi\u00e9rt kezeli az \u00e9rintettek szem\u00e9lyes adatait<br \/>az \u00e9rintett szem\u00e9lyes adatok kateg\u00f3ri\u00e1i<br \/>az adatkezel\u00e9s jogalapja<br \/>mennyi ideig \u0151rzi meg az adatokat<br \/>milyen m\u00e1s adatkezel\u0151 kapja meg az adatokat<br \/>tov\u00e1bb\u00edtj\u00e1k-e az EU-n k\u00edv\u00fclre az \u00e9rintettek szem\u00e9lyes adatait<br \/>az \u00e9rintettnek joga van panaszt beny\u00fajtania a hat\u00f3s\u00e1ghoz<br \/>az \u00e9rintettnek joga van visszavonnia a hozz\u00e1j\u00e1rul\u00e1s\u00e1t<br \/>Mikor kezelhet\u00fcnk szem\u00e9lyes adatokat?<\/p>\n<p>az \u00e9rintett hozz\u00e1j\u00e1rul\u00e1s\u00e1t adta szem\u00e9lyes adatainak kezel\u00e9s\u00e9hez<br \/>Mikor sz\u00e1m\u00edt \u00e9rv\u00e9nyesnek a hozz\u00e1j\u00e1rul\u00e1s?<\/p>\n<p>Amikor a szem\u00e9lyes adatokat kezel\u00e9s\u00e9hez kell megszereznie, a hozz\u00e1j\u00e1rul\u00e1s \u00e9rv\u00e9nyess\u00e9g\u00e9hez t\u00f6bb felt\u00e9telnek kell teljes\u00fclnie. Az \u00e9rv\u00e9nyes hozz\u00e1j\u00e1rul\u00e1s:<\/p>\n<p>\u00f6nk\u00e9ntes<br \/>t\u00e1j\u00e9koztat\u00e1son alapul<br \/>konkr\u00e9t c\u00e9lt szolg\u00e1l<br \/>az adatkezel\u00e9s minden ok\u00e1t vil\u00e1gosan meg kell hat\u00e1rozni<br \/>a hozz\u00e1j\u00e1rul\u00e1s visszavon\u00e1s\u00e1nak lehet\u0151s\u00e9ge tiszt\u00e1zott<br \/>Az adatv\u00e9delmi tiszts\u00e9gvisel\u0151k<\/p>\n<p>Az adatkezel\u0151 meghat\u00e1rozza a szem\u00e9lyes adatkezel\u00e9s c\u00e9ljait \u00e9s m\u00f3djait. Az adatfeldolgoz\u00f3 kiz\u00e1r\u00f3lag az adatkezel\u0151 megb\u00edz\u00e1s\u00e1b\u00f3l kezel szem\u00e9lyes adatokat.<\/p>\n<p>Milyen probl\u00e9ma t\u00f6rt\u00e9nhet, mi az az adatv\u00e9delmi incidens?<\/p>\n<p>Adatv\u00e9delmi incidens t\u00f6rt\u00e9nhet, amikor a c\u00e9g \u00e1ltal kezelt szem\u00e9lyes adatok eset\u00e9ben s\u00e9r\u00fclhet:<\/p>\n<p>titoktart\u00e1si k\u00f6telezetts\u00e9g<br \/>hozz\u00e1f\u00e9rhet\u0151s\u00e9g<br \/>integrit\u00e1s<br \/>Ha ez bek\u00f6vetkezik, \u00e9s ez feltehet\u0151en kock\u00e1zatot jelent az \u00e9rintettek jogaira \u00e9s szabads\u00e1gaira n\u00e9zve, indokoltan k\u00e9sedelem n\u00e9lk\u00fcl, legk\u00e9s\u0151bb 72 \u00f3r\u00e1val azut\u00e1n, hogy az adatv\u00e9delmi incidens tudom\u00e1s\u00e1ra jutott, k\u00f6teles bejelenteni a fel\u00fcgyeleti hat\u00f3s\u00e1gn\u00e1l. Az adatfeldolgoz\u00f3nak minden incidenst k\u00f6telez\u0151en jelentenie kell az adatkezel\u0151nek.<\/p>\n<p>Mi t\u00f6rt\u00e9nik, ha valaki kifog\u00e1st emel a v\u00e1llalkoz\u00e1sommal szemben a szem\u00e9lyes adatai kezel\u00e9se miatt?<\/p>\n<p>A mag\u00e1nszem\u00e9lyeknek joguk van szem\u00e9lyes adataik kezel\u00e9se ellen kifog\u00e1st emelni, ha konkr\u00e9t okokat mutatnak be az adatkezel\u00e9s hat\u00e1s\u00e1ra vonatkoz\u00f3an. Ebben az esetben egy\u00e9nileg kell megvizsg\u00e1lni az \u00fcgyet, \u00e9s a meghat\u00e1rozott k\u00f6r\u00fclm\u00e9nyek, a beavatkoz\u00e1s min\u0151s\u00e9g\u00e9ben bek\u00f6vetkez\u0151 v\u00e1ltoz\u00e1sok vagy egy \u00faj v\u00e9szhelyzet befoly\u00e1solhatja ezt.<\/p>\n<p>&nbsp;<\/p>\n<p>ADATV\u00c9DELMI NYILATKOZAT<br \/>ADATV\u00c9DELEM<\/p>\n<p>A https:\/\/charlieszallo.hu\/ oldal \u00fczemeltet\u0151je a Old Eye Kft. tiszteletben tartja szem\u00e9lyes adataid v\u00e9delm\u00e9hez f\u0171z\u0151d\u0151 jogaidat. Adatv\u00e9delmi t\u00e1j\u00e9koztat\u00f3nk le\u00edrja, hogy a weboldalunkon az \u00e1ltalad megadott szem\u00e9lyes adatokat hogyan dolgozzuk fel \u00e9s mik\u00e9nt haszn\u00e1ljuk. Az adatv\u00e9delmi t\u00e1j\u00e9koztat\u00f3 c\u00e9lja, hogy megv\u00e9dje felhaszn\u00e1l\u00f3ink szem\u00e9lyes adatinak biztons\u00e1g\u00e1t. Az al\u00e1bbiakban t\u00e1j\u00e9koztatunk arr\u00f3l, hogy a https:\/\/charlieszallo.hu\/ oldalon milyen szem\u00e9lyes adataidat t\u00e1roljuk, le\u00edrjuk, hogy hogyan t\u00e1roljuk, \u00e9s mire haszn\u00e1ljuk fel azokat. A https:\/\/charlieszallo.hu\/ weboldalainak \u00e9s egy\u00e9b mikro-oldalainak haszn\u00e1lat\u00e1val \u00e9s a regisztr\u00e1ci\u00f3val elfogadod az adatv\u00e9delmi t\u00e1j\u00e9koztat\u00f3ban foglaltakat.<\/p>\n<p>A Szolg\u00e1ltat\u00f3 adatai:<\/p>\n<p>Old Eye Kft.<\/p>\n<p>El\u00e9rhet\u0151s\u00e9geink, adatok:<\/p>\n<p>Sz\u00e9khely: 9700 Szombathely, Gagarin u. 14.<br \/>Ad\u00f3sz\u00e1m: 25743115-2-18<br \/>C\u00e9gjegyz\u00e9ksz\u00e1m: 18-09-113004<\/p>\n<p>Vezetve a Szombathelyi T\u00f6rv\u00e9nysz\u00e9k C\u00e9gb\u00edr\u00f3s\u00e1ga nyilv\u00e1ntart\u00e1s\u00e1ban.<br \/>(9700 Szombathely, Pet\u0151fi S. u. 1\/a., Tel.: +36 21 2000 587, E-mail c\u00edm: birosag@vas-birosag.hu<\/p>\n<p>Telefonsz\u00e1m: +36 70 44 88 101<br \/>Webc\u00edm: https:\/\/charlieszallo.hu\/<br \/>E-mail c\u00edm: info@charliefogado.hu<\/p>\n<p>Adatkezel\u00e9s c\u00e9lja \u00e9s kezelt adatok<\/p>\n<p>A https:\/\/charlieszallo.hu\/ oldal feladata, hogy seg\u00edtsen ig\u00e9nybe venni a sz\u00e1modra megfelel\u0151 szolg\u00e1ltat\u00e1sait. Ez\u00e9rt az \u00e1ltalunk gy\u0171jt\u00f6tt szem\u00e9lyes adatok korl\u00e1tozottak, \u00e9s \u2013 a szolg\u00e1ltat\u00e1s hib\u00e1tlan teljes\u00edt\u00e9s\u00e9hez n\u00e9lk\u00fcl\u00f6zhetetlen adatok kiv\u00e9tel\u00e9vel \u2013 nem k\u00f6telez\u0151ek.<\/p>\n<p>A megrendel\u00e9sek h\u00e1zhoz sz\u00e1ll\u00edt\u00f3 \u00e9tterem \u00e1ltali teljes\u00edt\u00e9se \u00e9s a megrendel\u00e9s felt\u00e9teleinek k\u00e9s\u0151bbi bizony\u00edt\u00e1sa c\u00e9lj\u00e1b\u00f3l n\u00e9lk\u00fcl\u00f6zhetetlen adatok a k\u00f6vetkez\u0151k: n\u00e9v, a lehet\u0151 legpontosabban megadott kisz\u00e1ll\u00edt\u00e1si c\u00edm, telefonsz\u00e1m, email c\u00edm. A telefonsz\u00e1m felt\u00e9tlen\u00fcl fontos arra az esetre, ha a megrendelt b\u00e1rmilyen probl\u00e9ma eset\u00e9n fel tudjunk h\u00edvni. Biztos\u00edtunk, hogy mind\u00f6ssze a legalapvet\u0151bb inform\u00e1ci\u00f3kra van sz\u00fcks\u00e9g\u00fcnk ahhoz, hogy id\u0151ben megkapd a megrendelt \u00e9teleket. Az \u00e1ltalad megadott adatokat b\u00e1rmikor m\u00f3dos\u00edthatod, v\u00e1ltoz\u00e1s eset\u00e9n k\u00e9rj\u00fck azonnal friss\u00edtsd.<\/p>\n<p>Regisztr\u00e1ci\u00f3 \u00e9s a k\u00e9s\u0151bbi megrendel\u00e9sek k\u00f6nnyebb teljes\u00edt\u00e9se, a kor\u00e1bbi rendel\u00e9sek nyomon k\u00f6vet\u00e9se c\u00e9lj\u00e1b\u00f3l a neved \u00e9s email c\u00edmedet kezelj\u00fck.<\/p>\n<p>H\u00edrlev\u00e9l k\u00fcld\u00e9s, direkt marketing \u00fczenetek k\u00fcld\u00e9se c\u00e9lj\u00e1b\u00f3l email c\u00edmedet kezelj\u00fck.<\/p>\n<p>A megadott szem\u00e9lyes adatokat a fent meghat\u00e1rozott c\u00e9lokt\u00f3l elt\u00e9r\u0151 c\u00e9lokra nem haszn\u00e1ljuk.<\/p>\n<p>Nem \u00e9rt\u00e9kes\u00edtj\u00fck \u00e9s nem tov\u00e1bb\u00edtjuk szem\u00e9lyes adataid harmadik szem\u00e9lyeknek.<\/p>\n<p>&nbsp;<\/p>\n<p>Adatkezel\u00e9s jogalapja<br \/>Az adatkezel\u00e9sre az \u00f6nk\u00e9ntes, megfelel\u0151 t\u00e1j\u00e9koztat\u00e1son alapul\u00f3 nyilatkozatod alapj\u00e1n ker\u00fcl sor, amelyet a regisztr\u00e1ci\u00f3, valamint az egyedi megrendel\u00e9s lead\u00e1s\u00e1val adsz meg.<\/p>\n<p>&nbsp;<\/p>\n<p>Adatkezel\u00e9s\u00fcnk az inform\u00e1ci\u00f3s \u00f6nrendelkez\u00e9si jogr\u00f3l \u00e9s az inform\u00e1ci\u00f3szabads\u00e1gr\u00f3l sz\u00f3l\u00f3 2011. \u00e9vi CXII. t\u00f6rv\u00e9ny (a tov\u00e1bbiakban: Info.tv.) 5. \u00a7 (1) bekezd\u00e9s a) pontja szerint az \u00f6nk\u00e9ntes hozz\u00e1j\u00e1rul\u00e1sod alapj\u00e1n, valamint az elektronikus kereskedelmi szolg\u00e1ltat\u00e1sok, valamint az inform\u00e1ci\u00f3s t\u00e1rsadalommal \u00f6sszef\u00fcgg\u0151 szolg\u00e1ltat\u00e1sok egyes k\u00e9rd\u00e9seir\u0151l sz\u00f3l\u00f3 2001. \u00e9vi CVIII. t\u00f6rv\u00e9ny alapj\u00e1n ker\u00fcl sor.<\/p>\n<p>&nbsp;<\/p>\n<p>A megadott szem\u00e9lyes adatokat, azok val\u00f3dis\u00e1g\u00e1t nem ellen\u0151rizz\u00fck. A megadott adatok megfelel\u0151s\u00e9g\u00e9\u00e9rt kiz\u00e1r\u00f3lag te vagy felel\u0151s. B\u00e1rmely email c\u00edm megad\u00e1sakor egyben felel\u0151ss\u00e9get v\u00e1llalsz az\u00e9rt, hogy a megadott email c\u00edmr\u0151l kiz\u00e1r\u00f3lag te veszed ig\u00e9nybe a szolg\u00e1ltat\u00e1st.<\/p>\n<p>&nbsp;<\/p>\n<p>H\u00edrlev\u00e9l k\u00fcld\u00e9s<br \/>Id\u0151nk\u00e9nt k\u00f6z\u00f6s prom\u00f3ci\u00f3s email kamp\u00e1nyokat hajtunk v\u00e9gre. Ilyen kamp\u00e1nyok keret\u00e9n bel\u00fcl, ha \u00fagy d\u00f6nt\u00f6tt\u00e9l, hogy fogadsz ilyen email \u00fczeneteket, prom\u00f3ci\u00f3s email \u00fczeneteket k\u00fcld\u00fcnk email c\u00edmedre olyan term\u00e9kekr\u0151l \u00e9s szolg\u00e1ltat\u00e1sokr\u00f3l, amelyekr\u0151l \u00fagy gondoljuk, \u00e9rdekelhetnek. Lehet\u0151s\u00e9ged van k\u00e9rni, hogy ne \u00e9rkezzenek prom\u00f3ci\u00f3s inform\u00e1ci\u00f3s email \u00fczenetek postafi\u00f3kodba, mikor regisztr\u00e1lsz a https:\/\/charlieszallo.hu\/ oldalon, vagy amikor r\u00e9szt veszel nyerem\u00e9nyj\u00e1t\u00e9kainkon.<\/p>\n<p>&nbsp;<\/p>\n<p>Ha \u00fagy d\u00f6nten\u00e9l, hogy nem k\u00edv\u00e1nsz tov\u00e1bbi prom\u00f3ci\u00f3s inform\u00e1ci\u00f3s email \u00fczenetet, \u00fagy az \u201cAdataim\u201d men\u00fcpont alatt lehet\u0151s\u00e9ged van ezt az opci\u00f3t kikapcsolni.<\/p>\n<p>&nbsp;<\/p>\n<p>Kattint\u00e1si \u00fat elemz\u00e9se<br \/>A https:\/\/charlieszallo.hu\/ weboldalain az IP-c\u00edmeket (sz\u00e1m\u00edt\u00f3g\u00e9p internetes c\u00edm\u00e9t) napl\u00f3zzuk, hogy nyomon k\u00f6vess\u00fck a felhaszn\u00e1l\u00f3 tev\u00e9kenys\u00e9g\u00e9t, mik\u00f6zben a felhaszn\u00e1l\u00f3 meg\u0151rzi n\u00e9vtelens\u00e9g\u00e9t. Az adatokat bizonyos trendek \u00e9s statisztik\u00e1k vizsg\u00e1lata miatt elemezz\u00fck, p\u00e9ld\u00e1ul arr\u00f3l, hogy felhaszn\u00e1l\u00f3ink oldalunk mely r\u00e9szeit l\u00e1togatj\u00e1k \u00e9s ott mennyi id\u0151t t\u00f6ltenek. Az aktu\u00e1lis IP-c\u00edmedet kiz\u00e1r\u00f3lag a rendel\u00e9s felad\u00e1sakor csatoljuk az adataidhoz.<\/p>\n<p>&nbsp;<\/p>\n<p>Cookie-k<br \/>A testre szabott kiszolg\u00e1l\u00e1s \u00e9rdek\u00e9ben a sz\u00e1m\u00edt\u00f3g\u00e9peden kis adatcsomagot, \u00fan. s\u00fctit (cookie) helyez\u00fcnk el. Ha a b\u00f6ng\u00e9sz\u0151 visszak\u00fcld egy kor\u00e1bban elmentett s\u00fctit, a s\u00fctit kezel\u0151 szolg\u00e1ltat\u00f3nak lehet\u0151s\u00e9ge van \u00f6sszekapcsolni az aktu\u00e1lis l\u00e1togat\u00e1s sor\u00e1n elmentett adatokat a kor\u00e1bbiakkal, de kiz\u00e1r\u00f3lag a saj\u00e1t tartalma tekintet\u00e9ben.<\/p>\n<p>A k\u00f6vetkez\u0151 cookie-t haszn\u00e1ljuk:<\/p>\n<p>\u2013 \u00c1tmeneti (session) cookie: a session cookie-k a l\u00e1togat\u00e1sod ut\u00e1n automatikusan t\u00f6rl\u0151dnek. Ezek a cookie-k arra szolg\u00e1lnak, hogy a https:\/\/charlieszallo.hu\/ hat\u00e9konyabban \u00e9s biztons\u00e1gosabban tudjon m\u0171k\u00f6dni, teh\u00e1t elengedhetetlenek ahhoz, hogy a https:\/\/charlieszallo.hu\/ egyes funkci\u00f3i vagy egyes alkalmaz\u00e1sok megfelel\u0151en tudjanak m\u0171k\u00f6dni.<\/p>\n<p>\u2013 \u00c1lland\u00f3 (persistent) cookie: \u00e1lland\u00f3 cookie-t is haszn\u00e1lunk a jobb felhaszn\u00e1l\u00f3i \u00e9lm\u00e9ny \u00e9rdek\u00e9ben (pl. optimaliz\u00e1lt navig\u00e1ci\u00f3 ny\u00fajt\u00e1sa). Ezek a cookie-k hosszabb ideig ker\u00fclnek t\u00e1rol\u00e1sra a b\u00f6ng\u00e9sz\u0151 cookie file-j\u00e1ban. Ennek id\u0151tartama att\u00f3l f\u00fcgg, hogy az internetes b\u00f6ng\u00e9sz\u0151dben milyen be\u00e1ll\u00edt\u00e1st alkalmazol.<\/p>\n<p>\u2013 Jelsz\u00f3val v\u00e9dett munkamenethez haszn\u00e1lt cookie.<\/p>\n<p>\u2013 Bev\u00e1s\u00e1rl\u00f3kos\u00e1rhoz sz\u00fcks\u00e9ges cookie.<\/p>\n<p>\u2013 Biztons\u00e1gi cookie.<\/p>\n<p>K\u00fcls\u0151 szerverek seg\u00edtik a https:\/\/charlieszallo.hu\/ l\u00e1togatotts\u00e1gi \u00e9s egy\u00e9b webanalitikai adatainak f\u00fcggetlen m\u00e9r\u00e9s\u00e9t \u00e9s audit\u00e1l\u00e1s\u00e1t (Google Analytics).<\/p>\n<p>Az adatkezel\u00e9s id\u0151tartama<br \/>A regisztr\u00e1ci\u00f3 vagy a megrendel\u00e9s sor\u00e1n k\u00f6telez\u0151en megadott szem\u00e9lyes adatok kezel\u00e9se a regisztr\u00e1ci\u00f3val illetve az megrendel\u00e9s teljes\u00edt\u00e9s\u00e9hez sz\u00fcks\u00e9ges adatok megad\u00e1s\u00e1val kezd\u0151dik \u00e9s annak k\u00e9relemre t\u00f6rt\u00e9n\u0151 t\u00f6rl\u00e9s\u00e9ig tart. Nem k\u00f6telez\u0151 adatok eset\u00e9n az adatkezel\u00e9s az adat megad\u00e1s\u00e1nak id\u0151pontj\u00e1t\u00f3l a k\u00e9rd\u00e9ses adat k\u00e9relemre t\u00f6rt\u00e9n\u0151 t\u00f6rl\u00e9s\u00e9ig tart.<\/p>\n<p>A megrendel\u00e9ssel kapcsolatos adatokat az el\u00e9v\u00fcl\u00e9si id\u0151n bel\u00fcl \u0151rizz\u00fck, amely 5 \u00e9ves meg\u0151rz\u00e9st jelent. Azokat az adatokat, amelyek sz\u00e1mviteli bizonylatban is megjelennek (pl.: sz\u00e1ml\u00e1ban), a t\u00f6rv\u00e9nyi el\u0151\u00edr\u00e1sok szerint 8 \u00e9vig \u0151rizz\u00fck meg.<\/p>\n<p>A napl\u00f3zott adatokat a rendszer \u2013 az utols\u00f3 l\u00e1togat\u00e1s d\u00e1tum\u00e1nak kiv\u00e9tel\u00e9vel, amelyet automatikusan fel\u00fcl\u00edr \u2013 a napl\u00f3z\u00e1s id\u0151pontj\u00e1t\u00f3l sz\u00e1m\u00edtott 6 h\u00f3napig t\u00e1rolja.<\/p>\n<p>Biztons\u00e1g<br \/>Gondoskodjunk a biztons\u00e1gr\u00f3l, a webhely\u00fcnk\u00f6n megadott adatok \u00e9ps\u00e9g\u00e9r\u0151l \u00e9s titkoss\u00e1g\u00e1r\u00f3l, \u00e9s rendszeresen friss\u00edtj\u00fck a biztons\u00e1gi \u00f3vint\u00e9zked\u00e9seit a leg\u00fajabb technol\u00f3gi\u00e1knak megfelel\u0151en.<\/p>\n<p>A https:\/\/komloszombathely.hu weboldalai tartalmazhatnak harmadik f\u00e9l \u00e1ltal \u00fczemeltetett weboldalakra mutat\u00f3 hivatkoz\u00e1sokat. Ezek a hivatkoz\u00e1sok a k\u00e9nyelmedet szolg\u00e1lj\u00e1k. A https:\/\/komloszombathely.hu oldalain el\u0151fordulhatnak harmadik f\u00e9l weboldalaira val\u00f3 hivatkoz\u00e1sok, de term\u00e9szetesen nem vagyunk felel\u0151sek ezen weboldalak tulajdonosainak \u00e9s m\u0171k\u00f6dtet\u0151inek adatv\u00e9delmi szab\u00e1lyzat\u00e1\u00e9rt. Felh\u00edvjuk figyelmedet, hogy olvass el minden olyan weboldalnak az adatv\u00e9delmi szab\u00e1lyzat\u00e1t, amely szem\u00e9lyes adatok megad\u00e1s\u00e1t k\u00e9ri.<\/p>\n<p>&nbsp;<\/p>\n<p>Adatfeldolgoz\u00f3k megnevez\u00e9se<br \/>A https:\/\/charlieszallo.hu\/ oldal \u00fczemeltet\u00e9se \u00e9rdek\u00e9ben adatfeldolgoz\u00f3t (pl.: rendszer\u00fczemeltet\u0151, fuvaroz\u00f3 v\u00e1llalat, k\u00f6nyvel\u0151) vehet ig\u00e9nybe.<\/p>\n<p>T\u00e1rhelyszolg\u00e1ltat\u00f3 adatai:<br \/>Wakelite Kft.<br \/>Sz\u00e9khelye: 9700 Szombathely, Bezer\u00e9di A. u. 5.<br \/>C\u00e9gjegyz\u00e9ksz\u00e1ma: 18-09-111137<br \/>Ad\u00f3sz\u00e1m: 23974874-2-1<br \/>e-mail c\u00edm: info@wakeliteweb.com<\/p>\n<p>&nbsp;<\/p>\n<p>Jogai \u00e9s jog\u00e9rv\u00e9nyes\u00edt\u00e9si lehet\u0151s\u00e9gek<\/p>\n<p>T\u00e1j\u00e9koztat\u00e1st k\u00e9rhetsz t\u0151l\u00fcnk az \u00e1ltalunk, valamint adatfeldolgoz\u00f3nk \u00e1ltal kezelt, illetve feldolgozott szem\u00e9lyes adataidr\u00f3l, azok forr\u00e1s\u00e1r\u00f3l, az adatkezel\u00e9s c\u00e9lj\u00e1r\u00f3l, jogalapj\u00e1r\u00f3l, id\u0151tartam\u00e1r\u00f3l, az adatfeldolgoz\u00f3 nev\u00e9r\u0151l, c\u00edm\u00e9r\u0151l \u00e9s az adatkezel\u00e9ssel \u00f6sszef\u00fcgg\u0151 tev\u00e9kenys\u00e9g\u00e9r\u0151l. Az el\u0151bbiek tekintet\u00e9ben a t\u00e1j\u00e9koztat\u00e1st a lehet\u0151 legr\u00f6videbb id\u0151 alatt, legfeljebb azonban 25 napon bel\u00fcl rendelkez\u00e9sedre bocs\u00e1tjuk.<\/p>\n<p>K\u00e9rheted tov\u00e1bb\u00e1 szem\u00e9lyes adataid helyesb\u00edt\u00e9s\u00e9t, valamint t\u00f6rl\u00e9s\u00e9t vagy z\u00e1rol\u00e1s\u00e1t. B\u00e1rmikor jogosult vagy a helytelen\u00fcl r\u00f6gz\u00edtett adatainak helyesb\u00edt\u00e9s\u00e9t vagy azok t\u00f6rl\u00e9s\u00e9t k\u00e9rni el\u00e9rhet\u0151s\u00e9geink valamelyik\u00e9n. A k\u00e9relem be\u00e9rkez\u00e9s\u00e9t\u0151l sz\u00e1m\u00edtott 5 munkanapon bel\u00fcl t\u00f6r\u00f6lj\u00fck az adatokat, ez esetben azok nem lesznek \u00fajra helyre\u00e1ll\u00edthat\u00f3k. A t\u00f6rl\u00e9s nem vonatkozik a jogszab\u00e1ly (pl. sz\u00e1mviteli szab\u00e1lyoz\u00e1s) alapj\u00e1n sz\u00fcks\u00e9ges adatkezel\u00e9sekre, azokat a sz\u00fcks\u00e9ges id\u0151tartamig meg\u0151rizz\u00fck.<\/p>\n<p>K\u00e9rheted tov\u00e1bb\u00e1, adataid z\u00e1rol\u00e1s\u00e1t. Z\u00e1rolja a szem\u00e9lyes adatot, ha az ezt k\u00e9red, vagy ha a rendelkez\u00e9s\u00e9re \u00e1ll\u00f3 inform\u00e1ci\u00f3k alapj\u00e1n felt\u00e9telezhet\u0151, hogy a t\u00f6rl\u00e9s s\u00e9rten\u00e9 a jogos \u00e9rdekeidet. Az \u00edgy z\u00e1rolt szem\u00e9lyes adat kiz\u00e1r\u00f3lag addig kezelhet\u0151, ameddig fenn\u00e1ll az adatkezel\u00e9si c\u00e9l, amely a szem\u00e9lyes adat t\u00f6rl\u00e9s\u00e9t kiz\u00e1rta.<\/p>\n<p>A helyesb\u00edt\u00e9sr\u0151l, a z\u00e1rol\u00e1sr\u00f3l \u00e9s a t\u00f6rl\u00e9sr\u0151l \u00e9rtes\u00edt\u00fcnk, tov\u00e1bb\u00e1 mindazokat \u00e9rtes\u00edtj\u00fck, akiknek kor\u00e1bban az adatot adatkezel\u00e9s c\u00e9lj\u00e1ra tov\u00e1bb\u00edtottuk. Az \u00e9rtes\u00edt\u00e9s mell\u0151zhet\u0151, ha ez az adatkezel\u00e9s c\u00e9lj\u00e1ra val\u00f3 tekintettel jogos \u00e9rdekedet nem s\u00e9rti.<\/p>\n<p>Tiltakozhatsz szem\u00e9lyes adataid kezel\u00e9se ellen, \u00edgy k\u00fcl\u00f6n\u00f6sen abban az esetben<\/p>\n<p>a) ha a szem\u00e9lyes adatok kezel\u00e9se vagy tov\u00e1bb\u00edt\u00e1sa kiz\u00e1r\u00f3lag a Numilra vonatkoz\u00f3 jogi k\u00f6telezetts\u00e9g teljes\u00edt\u00e9s\u00e9hez vagy a Numil jogos \u00e9rdek\u00e9nek \u00e9rv\u00e9nyes\u00edt\u00e9s\u00e9hez sz\u00fcks\u00e9ges;<br \/>b) ha a szem\u00e9lyes adat felhaszn\u00e1l\u00e1sa vagy tov\u00e1bb\u00edt\u00e1sa k\u00f6zvetlen \u00fczletszerz\u00e9s c\u00e9lj\u00e1ra t\u00f6rt\u00e9nik.<br \/>A tiltakoz\u00e1st a k\u00e9relem beny\u00fajt\u00e1s\u00e1t\u00f3l sz\u00e1m\u00edtott legr\u00f6videbb id\u0151n bel\u00fcl, de legfeljebb 15 napon bel\u00fcl megvizsg\u00e1ljuk, annak megalapozotts\u00e1ga k\u00e9rd\u00e9s\u00e9ben d\u00f6nt\u00e9st hozunk, \u00e9s d\u00f6nt\u00e9s\u00e9r\u0151l \u00edr\u00e1sban t\u00e1j\u00e9koztunk. Ha a tiltakoz\u00e1s megalapozotts\u00e1g\u00e1t meg\u00e1llap\u00edtjuk, az adatkezel\u00e9st \u2013 bele\u00e9rtve a tov\u00e1bbi adatfelv\u00e9telt is \u2013 megsz\u00fcntetj\u00fck, \u00e9s az adatokat z\u00e1roljuk.<\/p>\n<p>Ha d\u00f6nt\u00e9s\u00fcnkkel nem \u00e9rtesz egyet, illetve ha a v\u00e1laszad\u00e1si hat\u00e1rid\u0151t elmulasztjuk, a d\u00f6nt\u00e9s k\u00f6zl\u00e9s\u00e9t\u0151l, illetve a hat\u00e1rid\u0151 utols\u00f3 napj\u00e1t\u00f3l sz\u00e1m\u00edtott 30 napon bel\u00fcl b\u00edr\u00f3s\u00e1ghoz fordulhatsz.<\/p>\n<p>A szem\u00e9lyes adataid v\u00e9delm\u00e9vel kapcsolatos panasszal egy\u00e9b esetben is<\/p>\n<p>\u2013 a Nemzeti Adatv\u00e9delmi \u00e9s Inform\u00e1ci\u00f3szabads\u00e1g Hat\u00f3s\u00e1ghoz (c\u00edm: 1125 Budapest, Szil\u00e1gyi Erzs\u00e9bet fasor 22\/c),<\/p>\n<p>\u2013 tov\u00e1bb\u00e1 jogorvoslat\u00e9rt az illet\u00e9kes b\u00edr\u00f3s\u00e1ghoz fordulhatsz.<\/p>\n<p>Az adatv\u00e9delmi incidenssel kapcsolatos int\u00e9zked\u00e9sek ellen\u0151rz\u00e9se, valamint t\u00e1j\u00e9koztat\u00e1sod c\u00e9lj\u00e1b\u00f3l nyilv\u00e1ntart\u00e1st vezet\u00fcnk, amely tartalmazza az \u00e9rintett szem\u00e9lyes adatok k\u00f6r\u00e9t, az adatv\u00e9delmi incidenssel \u00e9rintettek k\u00f6r\u00e9t \u00e9s sz\u00e1m\u00e1t, az adatv\u00e9delmi incidens id\u0151pontj\u00e1t, k\u00f6r\u00fclm\u00e9nyeit, hat\u00e1sait \u00e9s az elh\u00e1r\u00edt\u00e1s\u00e1ra megtett int\u00e9zked\u00e9seket, valamint az adatkezel\u00e9st el\u0151\u00edr\u00f3 jogszab\u00e1lyban meghat\u00e1rozott egy\u00e9b adatokat.<\/p>\n<p>&nbsp;<\/p>\n<p>Egy\u00e9b rendelkez\u00e9sek<\/p>\n<p>Fenntartjuk a jogot, hogy jelen Adatkezel\u00e9si T\u00e1j\u00e9koztat\u00f3t a https:\/\/charlieszallo.hu\/ oldalon kereszt\u00fcl t\u00f6rt\u00e9n\u0151 el\u0151zetes \u00e9rtes\u00edt\u00e9se mellett egyoldal\u00faan m\u00f3dos\u00edtsuk. A m\u00f3dos\u00edt\u00e1s hat\u00e1lyba l\u00e9p\u00e9s\u00e9t k\u00f6vet\u0151en a Honlap haszn\u00e1lat\u00e1val r\u00e1utal\u00f3 magatart\u00e1ssal elfogadod a m\u00f3dos\u00edtott Adatkezel\u00e9si T\u00e1j\u00e9koztat\u00f3ban foglaltakat.<\/p>\n<p>Jelen Adatkezel\u00e9si T\u00e1j\u00e9koztat\u00f3 2020. m\u00e1rcius 01. napj\u00e1t\u00f3l \u00e9rv\u00e9nyes.<\/p>\n<p>[\/et_pb_text][\/et_pb_column][\/et_pb_row][\/et_pb_section]<\/p>\n","protected":false},"excerpt":{"rendered":"<p>Adatv\u00e9delmi \u00e9s adatkezel\u00e9si szab\u00e1lyzatA GDPR \u00c1ltal\u00e1nos c\u00e9lja GDPR \u2013 General Data Protection Regulation A GDPR szab\u00e1lyoz\u00e1s l\u00e9nyege, hogy a kor\u00e1bban nemzeti hat\u00e1sk\u00f6r\u00f6kben \u00e9rv\u00e9nyben l\u00e9v\u0151 adatkezel\u00e9si szab\u00e1lyzatokat \u00e9s folyamatokat Uni\u00f3s hat\u00e1sk\u00f6rbe helyezze \u00e9s egys\u00e9ges elvek szerint kezelje. Mit szab\u00e1lyoz az \u00e1ltal\u00e1nos rendelet? Az Eur\u00f3pai Uni\u00f3 \u00faj, \u00e1ltal\u00e1nos adatv\u00e9delmi rendelete az (RU) 2016\/679 eur\u00f3pai parlamenti \u00e9s tan\u00e1csi [&hellip;]<\/p>\n","protected":false},"author":2,"featured_media":0,"parent":0,"menu_order":0,"comment_status":"closed","ping_status":"closed","template":"","meta":{"_et_pb_use_builder":"on","_et_pb_old_content":"","_et_gb_content_width":"","footnotes":""},"class_list":["post-87815","page","type-page","status-publish","hentry"],"_links":{"self":[{"href":"https:\/\/charlieszallas.hu\/en\/wp-json\/wp\/v2\/pages\/87815","targetHints":{"allow":["GET"]}}],"collection":[{"href":"https:\/\/charlieszallas.hu\/en\/wp-json\/wp\/v2\/pages"}],"about":[{"href":"https:\/\/charlieszallas.hu\/en\/wp-json\/wp\/v2\/types\/page"}],"author":[{"embeddable":true,"href":"https:\/\/charlieszallas.hu\/en\/wp-json\/wp\/v2\/users\/2"}],"replies":[{"embeddable":true,"href":"https:\/\/charlieszallas.hu\/en\/wp-json\/wp\/v2\/comments?post=87815"}],"version-history":[{"count":3,"href":"https:\/\/charlieszallas.hu\/en\/wp-json\/wp\/v2\/pages\/87815\/revisions"}],"predecessor-version":[{"id":87821,"href":"https:\/\/charlieszallas.hu\/en\/wp-json\/wp\/v2\/pages\/87815\/revisions\/87821"}],"wp:attachment":[{"href":"https:\/\/charlieszallas.hu\/en\/wp-json\/wp\/v2\/media?parent=87815"}],"curies":[{"name":"wp","href":"https:\/\/api.w.org\/{rel}","templated":true}]}}